{"id":1343,"date":"2015-11-16T14:59:14","date_gmt":"2015-11-16T19:59:14","guid":{"rendered":"https:\/\/eila.org\/fr\/?page_id=1343"},"modified":"2024-08-13T08:16:16","modified_gmt":"2024-08-13T12:16:16","slug":"membres-du-comite","status":"publish","type":"page","link":"https:\/\/www.eila.org\/fr\/membres-du-comite\/","title":{"rendered":"Membres du Comit\u00e9"},"content":{"rendered":"[vc_row no_margin=\u00a0\u00bbtrue\u00a0\u00bb padding_top=\u00a0\u00bb0px\u00a0\u00bb padding_bottom=\u00a0\u00bb20px !important\u00a0\u00bb border=\u00a0\u00bbnone\u00a0\u00bb][vc_column width=\u00a0\u00bb1\/1&Prime;]<p>Le Comit\u00e9 est l&rsquo;organe au pouvoir de l&rsquo;Entente et est compos\u00e9 d&rsquo;un d\u00e9l\u00e9gu\u00e9 individu de chaque pays membre. Les membres du comit\u00e9 sont tenus d&rsquo;assister \u00e0 des r\u00e9unions annuelles pour d\u00e9lib\u00e9rer des affaires de l&rsquo;Entente.<\/p>\n\n<table border=\"0\" width=\"100%\" cellspacing=\"2\" cellpadding=\"2\">\n<tbody>\n<tr>\n<td width=\"14%\"><strong>Australie<\/strong><\/td>\n<td width=\"86%\"><a href=\"https:\/\/eila.org\/profile\/Alexander-William\/\">Alexander Grant<\/a><\/td>\n<\/tr>\n<tr>\n<td><strong>Autriche<\/strong><\/td>\n<td><a href=\"https:\/\/eila.org\/profile\/Alexander\/\">Alexander Sch\u00fctz<\/a><\/td>\n<\/tr>\n<tr>\n<td><strong>Belgique<\/strong><\/td>\n<td><a href=\"https:\/\/www.eila.org\/profile\/164\/\">Pierre Guillaume<\/a><\/td>\n<\/tr>\n<tr>\n<td><strong>Canada<\/strong><\/td>\n<td><a href=\"https:\/\/eila.org\/profile\/Olivier\/\">Olivier P\u00e9rot<\/a><\/td>\n<\/tr>\n<tr>\n<td><strong>Chine<\/strong><\/td>\n<td><a href=\"https:\/\/eila.org\/profile\/Quan\/\">Quan Zheng<\/a><\/td>\n<\/tr>\n<tr>\n<td><strong>R\u00e9publique tch\u00e8que<\/strong><\/td>\n<td><a href=\"https:\/\/eila.org\/profile\/Jan\/\">Jan Spidlen<\/a><\/td>\n<\/tr>\n<tr>\n<td><strong>Danemark<\/strong><\/td>\n<td><a href=\"https:\/\/eila.org\/profile\/Jens-T.\/\">Jens Stenz<\/a><\/td>\n<\/tr>\n<tr>\n<td><strong>Finlande<\/strong><\/td>\n<td><a href=\"https:\/\/www.eila.org\/profile\/187\/\">Ilkka Vainio<\/a><\/td>\n<\/tr>\n<tr>\n<td><strong>France<\/strong><\/td>\n<td><a href=\"https:\/\/www.eila.org\/profile\/199\/\">Maurice Beaufort<\/a><\/td>\n<\/tr>\n<tr>\n<td><strong>Allemagne<\/strong><\/td>\n<td><a href=\"https:\/\/eila.org\/profile\/Daniel\/\">Daniel Kogge<\/a><\/td>\n<\/tr>\n<tr>\n<td><strong>Italie<\/strong><\/td>\n<td><a href=\"https:\/\/www.eila.org\/profile\/130\/\">Elisa Scrollavezza<\/a><\/td>\n<\/tr>\n<tr>\n<td><strong>Japon<\/strong><\/td>\n<td><a href=\"https:\/\/www.eila.org\/profile\/82\/\">Toshiyuki Matsushita<\/a><\/td>\n<\/tr>\n<tr>\n<td><strong>Pays-Bas<\/strong><\/td>\n<td><a href=\"https:\/\/www.eila.org\/profile\/167\/\">Andreas Post<\/a><\/td>\n<\/tr>\n<tr>\n<td><strong>Norv\u00e8ge<\/strong><\/td>\n<td><a href=\"https:\/\/eila.org\/profile\/Jacob\/\">Jacob Von der Lippe<\/a><\/td>\n<\/tr>\n<tr>\n<td><strong>Portugal<\/strong><\/td>\n<td><a href=\"https:\/\/eila.org\/profile\/Antonio\/\">Joaquim Ant\u00f3nio Capela<\/a><\/td>\n<\/tr>\n<tr>\n<td><strong>Espagne<\/strong><\/td>\n<td><a href=\"https:\/\/www.eila.org\/profile\/56\/\">Francisco Gonz\u00e1lez<\/a><\/td>\n<\/tr>\n<tr>\n<td><strong>S\u00f9ede<\/strong><\/td>\n<td><a href=\"https:\/\/www.eila.org\/profile\/17\/\">Paul Barter<\/a><\/td>\n<\/tr>\n<tr>\n<td><strong>Suisse<\/strong><\/td>\n<td><a href=\"https:\/\/eila.org\/profile\/John-Eric\/\">John-Eric Traelnes<\/a><\/td>\n<\/tr>\n<tr>\n<td><strong>Royaume-Uni<\/strong><\/td>\n<td><a href=\"https:\/\/www.eila.org\/profile\/47\/\">Anna Helena Fairfax-van-der-Grinten<\/a><\/td>\n<\/tr>\n<tr>\n<td><strong>USA<\/strong><\/td>\n<td><a href=\"https:\/\/www.eila.org\/profile\/172\/\">Daniel Weisshaar<\/a><\/td>\n<\/tr>\n<\/tbody>\n<\/table>\n[\/vc_column][\/vc_row]\n<table border=\"0\" width=\"100%\" cellspacing=\"2\" cellpadding=\"2\">\n<tbody>\n<tr>\n<td width=\"25%\"><strong>Archetier d\u00e9l\u00e9gu\u00e9<\/strong><\/td>\n<td width=\"75%\"><a href=\"https:\/\/www.eila.org\/profile\/40\/\">Yung Chin<\/a><\/td>\n<\/tr>\n<\/tbody>\n<\/table>\n","protected":false},"excerpt":{"rendered":"<p>[vc_row no_margin=\u00a0\u00bbtrue\u00a0\u00bb padding_top=\u00a0\u00bb0px\u00a0\u00bb padding_bottom=\u00a0\u00bb20px !important\u00a0\u00bb border=\u00a0\u00bbnone\u00a0\u00bb][vc_column width=\u00a0\u00bb1\/1&Prime;] Australie Alexander Grant Autriche Alexander Sch\u00fctz Belgique Pierre Guillaume Canada Olivier P\u00e9rot Chine Quan Zheng R\u00e9publique tch\u00e8que Jan Spidlen Danemark Jens Stenz Finlande Ilkka Vainio France Maurice Beaufort Allemagne Daniel Kogge Italie Elisa Scrollavezza Japon Toshiyuki Matsushita Pays-Bas Andreas Post Norv\u00e8ge Jacob Von &#8230; <\/p>\n<div><a href=\"https:\/\/www.eila.org\/fr\/membres-du-comite\/\" class=\"more-link\">Read More<\/a><\/div>\n","protected":false},"author":152,"featured_media":0,"parent":0,"menu_order":0,"comment_status":"closed","ping_status":"open","template":"template-layout-full-width.php","meta":[],"aioseo_notices":[],"_links":{"self":[{"href":"https:\/\/www.eila.org\/fr\/wp-json\/wp\/v2\/pages\/1343\/"}],"collection":[{"href":"https:\/\/www.eila.org\/fr\/wp-json\/wp\/v2\/pages\/"}],"about":[{"href":"https:\/\/www.eila.org\/fr\/wp-json\/wp\/v2\/types\/page\/"}],"author":[{"embeddable":true,"href":"https:\/\/www.eila.org\/fr\/wp-json\/wp\/v2\/users\/152\/"}],"replies":[{"embeddable":true,"href":"https:\/\/www.eila.org\/fr\/wp-json\/wp\/v2\/comments\/?post=1343"}],"version-history":[{"count":13,"href":"https:\/\/www.eila.org\/fr\/wp-json\/wp\/v2\/pages\/1343\/revisions\/"}],"predecessor-version":[{"id":3086,"href":"https:\/\/www.eila.org\/fr\/wp-json\/wp\/v2\/pages\/1343\/revisions\/3086\/"}],"wp:attachment":[{"href":"https:\/\/www.eila.org\/fr\/wp-json\/wp\/v2\/media\/?parent=1343"}],"curies":[{"name":"wp","href":"https:\/\/api.w.org\/{rel}","templated":true}]}}